{"id":773,"date":"2024-09-23T09:08:19","date_gmt":"2024-09-23T09:08:19","guid":{"rendered":"https:\/\/tekirdagvaillantkombiservisi.com.tr\/?page_id=773"},"modified":"2024-09-24T11:31:57","modified_gmt":"2024-09-24T11:31:57","slug":"tekirdag-vaillant-petek-ve-radyator-temizligi-servisi-0282-263-22-96","status":"publish","type":"page","link":"https:\/\/tekirdagvaillantkombiservisi.com.tr\/index.php\/tekirdag-vaillant-petek-ve-radyator-temizligi-servisi-0282-263-22-96\/","title":{"rendered":"Tekirda\u011f Vaillant Petek ve Radyat\u00f6r Temizli\u011fi Servisi 0282 263 22 96"},"content":{"rendered":"\t\t<div data-elementor-type=\"wp-page\" data-elementor-id=\"773\" class=\"elementor elementor-773\">\n\t\t\t\t\t\t<section class=\"elementor-section elementor-top-section elementor-element elementor-element-5171aaa5 elementor-section-boxed elementor-section-height-default elementor-section-height-default\" data-id=\"5171aaa5\" data-element_type=\"section\" data-e-type=\"section\">\n\t\t\t\t\t\t<div class=\"elementor-container elementor-column-gap-default\">\n\t\t\t\t\t<div class=\"elementor-column elementor-col-100 elementor-top-column elementor-element elementor-element-4b0c9fd5\" data-id=\"4b0c9fd5\" data-element_type=\"column\" data-e-type=\"column\">\n\t\t\t<div class=\"elementor-widget-wrap elementor-element-populated\">\n\t\t\t\t\t\t<div class=\"elementor-element elementor-element-3c5aed97 elementor-widget elementor-widget-image\" data-id=\"3c5aed97\" data-element_type=\"widget\" data-e-type=\"widget\" data-widget_type=\"image.default\">\n\t\t\t\t<div class=\"elementor-widget-container\">\n\t\t\t\t\t\t\t\t\t\t\t\t\t\t\t<img fetchpriority=\"high\" decoding=\"async\" width=\"1500\" height=\"563\" src=\"https:\/\/tekirdagvaillantkombiservisi.com.tr\/wp-content\/uploads\/2024\/09\/vaillant_servisi.jpg\" class=\"attachment-full size-full wp-image-776\" alt=\"vaillant_servisi Tekirda\u011f Vaillant Petek ve Radyat\u00f6r Temizli\u011fi Servisi 0282 263 22 96 S\u00fcleymanpa\u015fa, Alt\u0131nova, H\u00fcrriyet Mahallesi, Kumba\u011f, De\u011firmenalt\u0131, Muratl\u0131, Yenice, Yeni\u00e7iftlik, Marmaraere\u011flisi, Ergene, \u00c7orlu, K\u00f6seilyas\" srcset=\"https:\/\/tekirdagvaillantkombiservisi.com.tr\/wp-content\/uploads\/2024\/09\/vaillant_servisi.jpg 1500w, https:\/\/tekirdagvaillantkombiservisi.com.tr\/wp-content\/uploads\/2024\/09\/vaillant_servisi-300x113.jpg 300w, https:\/\/tekirdagvaillantkombiservisi.com.tr\/wp-content\/uploads\/2024\/09\/vaillant_servisi-1024x384.jpg 1024w, https:\/\/tekirdagvaillantkombiservisi.com.tr\/wp-content\/uploads\/2024\/09\/vaillant_servisi-768x288.jpg 768w, https:\/\/tekirdagvaillantkombiservisi.com.tr\/wp-content\/uploads\/2024\/09\/vaillant_servisi-1000x375.jpg 1000w, https:\/\/tekirdagvaillantkombiservisi.com.tr\/wp-content\/uploads\/2024\/09\/vaillant_servisi-230x86.jpg 230w, https:\/\/tekirdagvaillantkombiservisi.com.tr\/wp-content\/uploads\/2024\/09\/vaillant_servisi-350x131.jpg 350w, https:\/\/tekirdagvaillantkombiservisi.com.tr\/wp-content\/uploads\/2024\/09\/vaillant_servisi-480x180.jpg 480w\" sizes=\"(max-width: 1500px) 100vw, 1500px\" \/>\t\t\t\t\t\t\t\t\t\t\t\t\t\t\t<\/div>\n\t\t\t\t<\/div>\n\t\t\t\t<div class=\"elementor-element elementor-element-61d71dcb elementor-widget elementor-widget-text-editor\" data-id=\"61d71dcb\" data-element_type=\"widget\" data-e-type=\"widget\" data-widget_type=\"text-editor.default\">\n\t\t\t\t<div class=\"elementor-widget-container\">\n\t\t\t\t\t\t\t\t\t<h3>Tekirda\u011f Vaillant Petek ve Radyat\u00f6r Temizli\u011fi &#8211; Y\u00fcksek Verim ve D\u00fc\u015f\u00fck Enerji T\u00fcketimi<\/h3><p><strong><a href=\"https:\/\/tekirdagvaillantkombiservisi.com.tr\/\">Petek<\/a> ve radyat\u00f6rler, kombi sistemlerinin \u00f6nemli bir par\u00e7as\u0131d\u0131r. Ancak zamanla i\u00e7inde biriken tortu, kire\u00e7 ve pas nedeniyle \u0131s\u0131nma verimi d\u00fc\u015febilir. Bu da hem enerji t\u00fcketiminin artmas\u0131na hem de evinizin ya da i\u015f yerinizin tam olarak \u0131s\u0131nmamas\u0131na neden olur<a href=\"http:\/\/www.google.com.tr\">.<\/a> Tekirda\u011f Vaillant Petek ve Radyat\u00f6r Temizli\u011fi hizmetiyle, kombi sisteminizin performans\u0131n\u0131 art\u0131rarak, daha d\u00fc\u015f\u00fck enerji t\u00fcketimiyle daha iyi \u0131s\u0131nma elde edebilirsiniz.<\/strong><\/p>\t\t\t\t\t\t\t\t<\/div>\n\t\t\t\t<\/div>\n\t\t\t\t<div class=\"elementor-element elementor-element-1e5cbf36 elementor-widget elementor-widget-heading\" data-id=\"1e5cbf36\" data-element_type=\"widget\" data-e-type=\"widget\" data-widget_type=\"heading.default\">\n\t\t\t\t<div class=\"elementor-widget-container\">\n\t\t\t\t\t<h2 class=\"elementor-heading-title elementor-size-default\">Tekirda\u011f Vaillant Petek ve Radyat\u00f6r Temizli\u011fi Avantajlar\u0131<\/h2>\t\t\t\t<\/div>\n\t\t\t\t<\/div>\n\t\t\t\t<section class=\"elementor-section elementor-inner-section elementor-element elementor-element-432cd4c7 elementor-section-boxed elementor-section-height-default elementor-section-height-default\" data-id=\"432cd4c7\" data-element_type=\"section\" data-e-type=\"section\">\n\t\t\t\t\t\t<div class=\"elementor-container elementor-column-gap-default\">\n\t\t\t\t\t<div class=\"elementor-column elementor-col-33 elementor-inner-column elementor-element elementor-element-54b176a4\" data-id=\"54b176a4\" data-element_type=\"column\" data-e-type=\"column\">\n\t\t\t<div class=\"elementor-widget-wrap elementor-element-populated\">\n\t\t\t\t\t\t<div class=\"elementor-element elementor-element-27f62801 elementor-view-default elementor-position-block-start elementor-mobile-position-block-start elementor-widget elementor-widget-icon-box\" data-id=\"27f62801\" data-element_type=\"widget\" data-e-type=\"widget\" data-widget_type=\"icon-box.default\">\n\t\t\t\t<div class=\"elementor-widget-container\">\n\t\t\t\t\t\t\t<div class=\"elementor-icon-box-wrapper\">\n\n\t\t\t\t\t\t<div class=\"elementor-icon-box-icon\">\n\t\t\t\t<span  class=\"elementor-icon\">\n\t\t\t\t<svg xmlns=\"http:\/\/www.w3.org\/2000\/svg\" width=\"80\" height=\"80\" viewBox=\"0 0 80 80\"><g id=\"Icon\" transform=\"translate(-525 -1414)\"><circle id=\"Background\" cx=\"40\" cy=\"40\" r=\"40\" transform=\"translate(525 1414)\" fill=\"#194c9b\"><\/circle><path id=\"plumber\" d=\"M40.5,29.218a7.027,7.027,0,0,1-11.01,5.793L24.582,40l-2.228-2.191,5.013-5.1a7.029,7.029,0,0,1,9.1-9.85l-2.449,2.491a3.968,3.968,0,0,0-.552-.04,3.909,3.909,0,1,0,3.759,2.846l2.36-2.4A6.988,6.988,0,0,1,40.5,29.218ZM11.749,32.655V40H8.625V28.021A16.823,16.823,0,0,0,3.625,40H.5A20.031,20.031,0,0,1,13.957,21.09,11.556,11.556,0,1,1,20.5,23.124a16.774,16.774,0,0,0-8.75,2.45V29.53H23.317a10.1,10.1,0,0,0,.594,3.125ZM20.5,20a8.437,8.437,0,1,0-8.437-8.437A8.447,8.447,0,0,0,20.5,20Zm0,0\" transform=\"translate(544.5 1434)\" fill=\"#fff\"><\/path><\/g><\/svg>\t\t\t\t<\/span>\n\t\t\t<\/div>\n\t\t\t\n\t\t\t\t\t\t<div class=\"elementor-icon-box-content\">\n\n\t\t\t\t\t\t\t\t\t<h3 class=\"elementor-icon-box-title\">\n\t\t\t\t\t\t<span  >\n\t\t\t\t\t\t\t1. H\u0131zl\u0131 Etkin Servis\t\t\t\t\t\t<\/span>\n\t\t\t\t\t<\/h3>\n\t\t\t\t\n\t\t\t\t\t\t\t\t\t<p class=\"elementor-icon-box-description\">\n\t\t\t\t\t\tTekirda\u011f\u2019\u0131n her b\u00f6lgesine h\u0131zl\u0131 servis hizmeti sunuyor, i\u015flemleri k\u0131sa s\u00fcrede tamaml\u0131yoruz.\t\t\t\t\t<\/p>\n\t\t\t\t\n\t\t\t<\/div>\n\t\t\t\n\t\t<\/div>\n\t\t\t\t\t\t<\/div>\n\t\t\t\t<\/div>\n\t\t\t\t\t<\/div>\n\t\t<\/div>\n\t\t\t\t<div class=\"elementor-column elementor-col-33 elementor-inner-column elementor-element elementor-element-7334d33f\" data-id=\"7334d33f\" data-element_type=\"column\" data-e-type=\"column\">\n\t\t\t<div class=\"elementor-widget-wrap elementor-element-populated\">\n\t\t\t\t\t\t<div class=\"elementor-element elementor-element-72b6633 elementor-view-default elementor-position-block-start elementor-mobile-position-block-start elementor-widget elementor-widget-icon-box\" data-id=\"72b6633\" data-element_type=\"widget\" data-e-type=\"widget\" data-widget_type=\"icon-box.default\">\n\t\t\t\t<div class=\"elementor-widget-container\">\n\t\t\t\t\t\t\t<div class=\"elementor-icon-box-wrapper\">\n\n\t\t\t\t\t\t<div class=\"elementor-icon-box-icon\">\n\t\t\t\t<span  class=\"elementor-icon\">\n\t\t\t\t<svg aria-hidden=\"true\" class=\"e-font-icon-svg e-fas-users-cog\" viewBox=\"0 0 640 512\" xmlns=\"http:\/\/www.w3.org\/2000\/svg\"><path d=\"M610.5 341.3c2.6-14.1 2.6-28.5 0-42.6l25.8-14.9c3-1.7 4.3-5.2 3.3-8.5-6.7-21.6-18.2-41.2-33.2-57.4-2.3-2.5-6-3.1-9-1.4l-25.8 14.9c-10.9-9.3-23.4-16.5-36.9-21.3v-29.8c0-3.4-2.4-6.4-5.7-7.1-22.3-5-45-4.8-66.2 0-3.3.7-5.7 3.7-5.7 7.1v29.8c-13.5 4.8-26 12-36.9 21.3l-25.8-14.9c-2.9-1.7-6.7-1.1-9 1.4-15 16.2-26.5 35.8-33.2 57.4-1 3.3.4 6.8 3.3 8.5l25.8 14.9c-2.6 14.1-2.6 28.5 0 42.6l-25.8 14.9c-3 1.7-4.3 5.2-3.3 8.5 6.7 21.6 18.2 41.1 33.2 57.4 2.3 2.5 6 3.1 9 1.4l25.8-14.9c10.9 9.3 23.4 16.5 36.9 21.3v29.8c0 3.4 2.4 6.4 5.7 7.1 22.3 5 45 4.8 66.2 0 3.3-.7 5.7-3.7 5.7-7.1v-29.8c13.5-4.8 26-12 36.9-21.3l25.8 14.9c2.9 1.7 6.7 1.1 9-1.4 15-16.2 26.5-35.8 33.2-57.4 1-3.3-.4-6.8-3.3-8.5l-25.8-14.9zM496 368.5c-26.8 0-48.5-21.8-48.5-48.5s21.8-48.5 48.5-48.5 48.5 21.8 48.5 48.5-21.7 48.5-48.5 48.5zM96 224c35.3 0 64-28.7 64-64s-28.7-64-64-64-64 28.7-64 64 28.7 64 64 64zm224 32c1.9 0 3.7-.5 5.6-.6 8.3-21.7 20.5-42.1 36.3-59.2 7.4-8 17.9-12.6 28.9-12.6 6.9 0 13.7 1.8 19.6 5.3l7.9 4.6c.8-.5 1.6-.9 2.4-1.4 7-14.6 11.2-30.8 11.2-48 0-61.9-50.1-112-112-112S208 82.1 208 144c0 61.9 50.1 112 112 112zm105.2 194.5c-2.3-1.2-4.6-2.6-6.8-3.9-8.2 4.8-15.3 9.8-27.5 9.8-10.9 0-21.4-4.6-28.9-12.6-18.3-19.8-32.3-43.9-40.2-69.6-10.7-34.5 24.9-49.7 25.8-50.3-.1-2.6-.1-5.2 0-7.8l-7.9-4.6c-3.8-2.2-7-5-9.8-8.1-3.3.2-6.5.6-9.8.6-24.6 0-47.6-6-68.5-16h-8.3C179.6 288 128 339.6 128 403.2V432c0 26.5 21.5 48 48 48h255.4c-3.7-6-6.2-12.8-6.2-20.3v-9.2zM173.1 274.6C161.5 263.1 145.6 256 128 256H64c-35.3 0-64 28.7-64 64v32c0 17.7 14.3 32 32 32h65.9c6.3-47.4 34.9-87.3 75.2-109.4z\"><\/path><\/svg>\t\t\t\t<\/span>\n\t\t\t<\/div>\n\t\t\t\n\t\t\t\t\t\t<div class=\"elementor-icon-box-content\">\n\n\t\t\t\t\t\t\t\t\t<h3 class=\"elementor-icon-box-title\">\n\t\t\t\t\t\t<span  >\n\t\t\t\t\t\t\t2. Uzman Kadro\t\t\t\t\t\t<\/span>\n\t\t\t\t\t<\/h3>\n\t\t\t\t\n\t\t\t\t\t\t\t\t\t<p class=\"elementor-icon-box-description\">\n\t\t\t\t\t\t Petek temizli\u011fi, uzmanl\u0131k gerektiren bir i\u015flemdir. Deneyimli teknisyenlerimiz, t\u00fcm peteklerinizi titizlikle temizler.\t\t\t\t\t<\/p>\n\t\t\t\t\n\t\t\t<\/div>\n\t\t\t\n\t\t<\/div>\n\t\t\t\t\t\t<\/div>\n\t\t\t\t<\/div>\n\t\t\t\t\t<\/div>\n\t\t<\/div>\n\t\t\t\t<div class=\"elementor-column elementor-col-33 elementor-inner-column elementor-element elementor-element-637eea3a\" data-id=\"637eea3a\" data-element_type=\"column\" data-e-type=\"column\">\n\t\t\t<div class=\"elementor-widget-wrap elementor-element-populated\">\n\t\t\t\t\t\t<div class=\"elementor-element elementor-element-234fc6b5 elementor-view-default elementor-position-block-start elementor-mobile-position-block-start elementor-widget elementor-widget-icon-box\" data-id=\"234fc6b5\" data-element_type=\"widget\" data-e-type=\"widget\" data-widget_type=\"icon-box.default\">\n\t\t\t\t<div class=\"elementor-widget-container\">\n\t\t\t\t\t\t\t<div class=\"elementor-icon-box-wrapper\">\n\n\t\t\t\t\t\t<div class=\"elementor-icon-box-icon\">\n\t\t\t\t<span  class=\"elementor-icon\">\n\t\t\t\t<svg aria-hidden=\"true\" class=\"e-font-icon-svg e-fas-money-bill-wave\" viewBox=\"0 0 640 512\" xmlns=\"http:\/\/www.w3.org\/2000\/svg\"><path d=\"M621.16 54.46C582.37 38.19 543.55 32 504.75 32c-123.17-.01-246.33 62.34-369.5 62.34-30.89 0-61.76-3.92-92.65-13.72-3.47-1.1-6.95-1.62-10.35-1.62C15.04 79 0 92.32 0 110.81v317.26c0 12.63 7.23 24.6 18.84 29.46C57.63 473.81 96.45 480 135.25 480c123.17 0 246.34-62.35 369.51-62.35 30.89 0 61.76 3.92 92.65 13.72 3.47 1.1 6.95 1.62 10.35 1.62 17.21 0 32.25-13.32 32.25-31.81V83.93c-.01-12.64-7.24-24.6-18.85-29.47zM48 132.22c20.12 5.04 41.12 7.57 62.72 8.93C104.84 170.54 79 192.69 48 192.69v-60.47zm0 285v-47.78c34.37 0 62.18 27.27 63.71 61.4-22.53-1.81-43.59-6.31-63.71-13.62zM320 352c-44.19 0-80-42.99-80-96 0-53.02 35.82-96 80-96s80 42.98 80 96c0 53.03-35.83 96-80 96zm272 27.78c-17.52-4.39-35.71-6.85-54.32-8.44 5.87-26.08 27.5-45.88 54.32-49.28v57.72zm0-236.11c-30.89-3.91-54.86-29.7-55.81-61.55 19.54 2.17 38.09 6.23 55.81 12.66v48.89z\"><\/path><\/svg>\t\t\t\t<\/span>\n\t\t\t<\/div>\n\t\t\t\n\t\t\t\t\t\t<div class=\"elementor-icon-box-content\">\n\n\t\t\t\t\t\t\t\t\t<h3 class=\"elementor-icon-box-title\">\n\t\t\t\t\t\t<span  >\n\t\t\t\t\t\t\t3. Uygun Fiyatlar\t\t\t\t\t\t<\/span>\n\t\t\t\t\t<\/h3>\n\t\t\t\t\n\t\t\t\t\t\t\t\t\t<p class=\"elementor-icon-box-description\">\n\t\t\t\t\t\tKaliteli hizmeti uygun fiyatlarla sunuyoruz. Petek temizli\u011fi fiyatlar\u0131m\u0131z \u015feffaf ve ekonomik \u00e7\u00f6z\u00fcmler sunar.\t\t\t\t\t<\/p>\n\t\t\t\t\n\t\t\t<\/div>\n\t\t\t\n\t\t<\/div>\n\t\t\t\t\t\t<\/div>\n\t\t\t\t<\/div>\n\t\t\t\t\t<\/div>\n\t\t<\/div>\n\t\t\t\t\t<\/div>\n\t\t<\/section>\n\t\t\t\t<div class=\"elementor-element elementor-element-51cd7892 elementor-widget elementor-widget-text-editor\" data-id=\"51cd7892\" data-element_type=\"widget\" data-e-type=\"widget\" data-widget_type=\"text-editor.default\">\n\t\t\t\t<div class=\"elementor-widget-container\">\n\t\t\t\t\t\t\t\t\t<h4>Petek Temizli\u011fi Neden Gereklidir?<\/h4><p><strong>Zamanla radyat\u00f6r ve peteklerin i\u00e7inde biriken kire\u00e7, tortu ve \u00e7amurla\u015fma \u0131s\u0131 transferini zorla\u015ft\u0131r\u0131r. Bu durum, peteklerin alt k\u0131s\u0131mlar\u0131n\u0131n \u0131s\u0131nmamas\u0131, kombinin daha fazla \u00e7al\u0131\u015fmas\u0131 ve dolay\u0131s\u0131yla enerji faturalar\u0131n\u0131n y\u00fckselmesi gibi sorunlara yol a\u00e7ar. D\u00fczenli petek temizli\u011fi, bu t\u00fcr sorunlar\u0131 \u00f6nlemek i\u00e7in \u00f6nemlidir. \u0130\u015fte petek temizli\u011finin ba\u015fl\u0131ca faydalar\u0131:<\/strong><\/p><ul><li><strong>Daha Y\u00fcksek Is\u0131 Verimi:<\/strong> Temiz petekler, daha iyi \u0131s\u0131 iletir ve odalar\u0131n\u0131z\u0131n daha h\u0131zl\u0131 \u0131s\u0131nmas\u0131n\u0131 sa\u011flar.<\/li><li><strong>Enerji Tasarrufu:<\/strong> Kombiniz daha az \u00e7al\u0131\u015farak ayn\u0131 \u0131s\u0131y\u0131 sa\u011flar, bu da do\u011fal olarak enerji tasarrufuna ve faturalar\u0131n\u0131z\u0131n d\u00fc\u015fmesine katk\u0131 sa\u011flar.<\/li><li><strong>Uzun \u00d6m\u00fcrl\u00fc Kombi ve Petekler:<\/strong> Peteklerin ve kombinin d\u00fczenli temizli\u011fi, cihazlar\u0131n \u00f6mr\u00fcn\u00fc uzat\u0131r ve b\u00fcy\u00fck ar\u0131zalar\u0131n \u00f6n\u00fcne ge\u00e7er.<\/li><li><strong>Daha Dengeli Is\u0131tma:<\/strong> Temiz petekler, t\u00fcm y\u00fczeylerinde e\u015fit \u015fekilde \u0131s\u0131narak odalar\u0131n\u0131zda daha dengeli bir \u0131s\u0131 da\u011f\u0131l\u0131m\u0131 sa\u011flar.<\/li><\/ul>\t\t\t\t\t\t\t\t<\/div>\n\t\t\t\t<\/div>\n\t\t\t\t<div class=\"elementor-element elementor-element-4e807a3f elementor-widget elementor-widget-image\" data-id=\"4e807a3f\" data-element_type=\"widget\" data-e-type=\"widget\" data-widget_type=\"image.default\">\n\t\t\t\t<div class=\"elementor-widget-container\">\n\t\t\t\t\t\t\t\t\t\t\t\t\t\t\t<img decoding=\"async\" width=\"940\" height=\"780\" src=\"https:\/\/tekirdagvaillantkombiservisi.com.tr\/wp-content\/uploads\/2024\/09\/tekirdag-petek-ve-tesisat-temizligi.jpg\" class=\"attachment-full size-full wp-image-777\" alt=\"\" srcset=\"https:\/\/tekirdagvaillantkombiservisi.com.tr\/wp-content\/uploads\/2024\/09\/tekirdag-petek-ve-tesisat-temizligi.jpg 940w, https:\/\/tekirdagvaillantkombiservisi.com.tr\/wp-content\/uploads\/2024\/09\/tekirdag-petek-ve-tesisat-temizligi-300x249.jpg 300w, https:\/\/tekirdagvaillantkombiservisi.com.tr\/wp-content\/uploads\/2024\/09\/tekirdag-petek-ve-tesisat-temizligi-768x637.jpg 768w, https:\/\/tekirdagvaillantkombiservisi.com.tr\/wp-content\/uploads\/2024\/09\/tekirdag-petek-ve-tesisat-temizligi-230x191.jpg 230w, https:\/\/tekirdagvaillantkombiservisi.com.tr\/wp-content\/uploads\/2024\/09\/tekirdag-petek-ve-tesisat-temizligi-350x290.jpg 350w, https:\/\/tekirdagvaillantkombiservisi.com.tr\/wp-content\/uploads\/2024\/09\/tekirdag-petek-ve-tesisat-temizligi-480x398.jpg 480w\" sizes=\"(max-width: 940px) 100vw, 940px\" \/>\t\t\t\t\t\t\t\t\t\t\t\t\t\t\t<\/div>\n\t\t\t\t<\/div>\n\t\t\t\t<div class=\"elementor-element elementor-element-54614fa5 elementor-widget elementor-widget-heading\" data-id=\"54614fa5\" data-element_type=\"widget\" data-e-type=\"widget\" data-widget_type=\"heading.default\">\n\t\t\t\t<div class=\"elementor-widget-container\">\n\t\t\t\t\t<h2 class=\"elementor-heading-title elementor-size-default\">Tekirda\u011f'\u0131n Her Yerine H\u0131zl\u0131 Hizmet<\/h2>\t\t\t\t<\/div>\n\t\t\t\t<\/div>\n\t\t\t\t<div class=\"elementor-element elementor-element-3eff3cf3 elementor-widget elementor-widget-text-editor\" data-id=\"3eff3cf3\" data-element_type=\"widget\" data-e-type=\"widget\" data-widget_type=\"text-editor.default\">\n\t\t\t\t<div class=\"elementor-widget-container\">\n\t\t\t\t\t\t\t\t\t<p><strong>Tekirda\u011f Vaillant Petek ve Radyat\u00f6r Temizli\u011fi<\/strong> hizmetimizle, <strong>S\u00fcleymanpa\u015fa, \u00c7orlu, \u00c7erkezk\u00f6y, Kapakl\u0131, Muratl\u0131, Marmaraere\u011flisi, Saray, Ergene ve Malkara<\/strong> gibi Tekirda\u011f\u2019\u0131n t\u00fcm il\u00e7elerine profesyonel hizmet sunuyoruz. Neredeyseniz, uzman ekibimiz en k\u0131sa s\u00fcrede size ula\u015f\u0131p, peteklerinizi temizleyerek kombi sisteminizin performans\u0131n\u0131 art\u0131r\u0131r.<\/p><h4>Bize Ula\u015f\u0131n<\/h4><p>Peteklerinizin maksimum verimle \u00e7al\u0131\u015fmas\u0131n\u0131 sa\u011flamak ve k\u0131\u015f aylar\u0131nda d\u00fc\u015f\u00fck enerji t\u00fcketimiyle y\u00fcksek \u0131s\u0131nma konforu ya\u015famak i\u00e7in bizimle ileti\u015fime ge\u00e7in. <strong>0282 263 22 96<\/strong> numaral\u0131 telefondan ya da <strong>WhatsApp Destek Hatt\u0131:<\/strong> <strong>0535 876 25 80<\/strong> \u00fczerinden h\u0131zl\u0131ca servis kayd\u0131 olu\u015fturabilirsiniz.<\/p><p><strong>Tekirda\u011f Vaillant Petek ve Radyat\u00f6r Temizli\u011fi<\/strong> ile k\u0131\u015f boyunca s\u0131cak, verimli ve konforlu bir ya\u015fam alan\u0131 sa\u011flay\u0131n!<\/p>\t\t\t\t\t\t\t\t<\/div>\n\t\t\t\t<\/div>\n\t\t\t\t<section class=\"elementor-section elementor-inner-section elementor-element elementor-element-442ce7c1 elementor-section-boxed elementor-section-height-default elementor-section-height-default\" data-id=\"442ce7c1\" data-element_type=\"section\" data-e-type=\"section\">\n\t\t\t\t\t\t<div class=\"elementor-container elementor-column-gap-default\">\n\t\t\t\t\t<div class=\"elementor-column elementor-col-50 elementor-inner-column elementor-element elementor-element-4d4256be\" data-id=\"4d4256be\" data-element_type=\"column\" data-e-type=\"column\">\n\t\t\t<div class=\"elementor-widget-wrap elementor-element-populated\">\n\t\t\t\t\t\t<div class=\"elementor-element elementor-element-6705249 elementor-widget elementor-widget-heading\" data-id=\"6705249\" data-element_type=\"widget\" data-e-type=\"widget\" data-widget_type=\"heading.default\">\n\t\t\t\t<div class=\"elementor-widget-container\">\n\t\t\t\t\t<h2 class=\"elementor-heading-title elementor-size-default\">Petek ve Radyat\u00f6r Temizli\u011fi Nas\u0131l Yap\u0131l\u0131r?<\/h2>\t\t\t\t<\/div>\n\t\t\t\t<\/div>\n\t\t\t\t<div class=\"elementor-element elementor-element-14d40b5 elementor-widget elementor-widget-text-editor\" data-id=\"14d40b5\" data-element_type=\"widget\" data-e-type=\"widget\" data-widget_type=\"text-editor.default\">\n\t\t\t\t<div class=\"elementor-widget-container\">\n\t\t\t\t\t\t\t\t\t<p><strong>Tekirda\u011f Vaillant Petek ve Radyat\u00f6r Temizli\u011fi hizmetimizde, son teknoloji ekipmanlarla petek ve radyat\u00f6rlerinizde biriken tortu ve kire\u00e7leri derinlemesine temizliyoruz. Temizlik s\u0131ras\u0131nda ger\u00e7ekle\u015ftirilen i\u015flemler \u015funlard\u0131r:<\/strong><\/p>\t\t\t\t\t\t\t\t<\/div>\n\t\t\t\t<\/div>\n\t\t\t\t<div class=\"elementor-element elementor-element-3d9b5e37 elementor-widget elementor-widget-text-editor\" data-id=\"3d9b5e37\" data-element_type=\"widget\" data-e-type=\"widget\" data-widget_type=\"text-editor.default\">\n\t\t\t\t<div class=\"elementor-widget-container\">\n\t\t\t\t\t\t\t\t\t<ul><li><strong>Sistem Suyu Bo\u015falt\u0131l\u0131r:<\/strong> \u0130lk ad\u0131mda petek ve radyat\u00f6rlerin i\u00e7indeki kirli su bo\u015falt\u0131larak temizlik i\u015flemine ba\u015flan\u0131r.<\/li><\/ul>\t\t\t\t\t\t\t\t<\/div>\n\t\t\t\t<\/div>\n\t\t\t\t<div class=\"elementor-element elementor-element-875e043 elementor-widget elementor-widget-text-editor\" data-id=\"875e043\" data-element_type=\"widget\" data-e-type=\"widget\" data-widget_type=\"text-editor.default\">\n\t\t\t\t<div class=\"elementor-widget-container\">\n\t\t\t\t\t\t\t\t\t<ul><li><strong>Temizleme Kimyasallar\u0131n\u0131n Kullan\u0131m\u0131:<\/strong> Peteklerin i\u00e7ine \u00f6zel kimyasal sol\u00fcsyonlar eklenir. Bu sol\u00fcsyonlar, tortu ve kire\u00e7lerin \u00e7\u00f6z\u00fclmesini sa\u011flar.<\/li><\/ul>\t\t\t\t\t\t\t\t<\/div>\n\t\t\t\t<\/div>\n\t\t\t\t<div class=\"elementor-element elementor-element-4f6c0bd7 elementor-widget elementor-widget-text-editor\" data-id=\"4f6c0bd7\" data-element_type=\"widget\" data-e-type=\"widget\" data-widget_type=\"text-editor.default\">\n\t\t\t\t<div class=\"elementor-widget-container\">\n\t\t\t\t\t\t\t\t\t<ul><li><strong>Bas\u0131n\u00e7l\u0131 Su \u0130le Y\u0131kama:<\/strong> Peteklerin i\u00e7i bas\u0131n\u00e7l\u0131 su ile y\u0131kanarak, biriken tortular\u0131n ve \u00e7amurlar\u0131n tamamen temizlenmesi sa\u011flan\u0131r.<\/li><\/ul>\t\t\t\t\t\t\t\t<\/div>\n\t\t\t\t<\/div>\n\t\t\t\t<div class=\"elementor-element elementor-element-5bc8c0b4 elementor-widget elementor-widget-text-editor\" data-id=\"5bc8c0b4\" data-element_type=\"widget\" data-e-type=\"widget\" data-widget_type=\"text-editor.default\">\n\t\t\t\t<div class=\"elementor-widget-container\">\n\t\t\t\t\t\t\t\t\t<ul><li><strong>\u00c7amur ve Tortu Filtrasyonu:<\/strong> \u00d6zel cihazlarla peteklerden \u00e7\u0131kan kirli su filtrelenerek d\u0131\u015far\u0131 at\u0131l\u0131r.<\/li><\/ul>\t\t\t\t\t\t\t\t<\/div>\n\t\t\t\t<\/div>\n\t\t\t\t<div class=\"elementor-element elementor-element-2156883e elementor-widget elementor-widget-text-editor\" data-id=\"2156883e\" data-element_type=\"widget\" data-e-type=\"widget\" data-widget_type=\"text-editor.default\">\n\t\t\t\t<div class=\"elementor-widget-container\">\n\t\t\t\t\t\t\t\t\t<ul><li><strong>Sistem Kontrol\u00fc ve Bas\u0131n\u00e7 Ayar\u0131:<\/strong> Temizlik tamamland\u0131ktan sonra t\u00fcm petekler kontrol edilir, sistem suyu yeniden doldurularak bas\u0131n\u00e7 ayarlar\u0131 yap\u0131l\u0131r.<\/li><\/ul>\t\t\t\t\t\t\t\t<\/div>\n\t\t\t\t<\/div>\n\t\t\t\t\t<\/div>\n\t\t<\/div>\n\t\t\t\t<div class=\"elementor-column elementor-col-50 elementor-inner-column elementor-element elementor-element-11e973bf\" data-id=\"11e973bf\" data-element_type=\"column\" data-e-type=\"column\">\n\t\t\t<div class=\"elementor-widget-wrap elementor-element-populated\">\n\t\t\t\t\t\t<div class=\"elementor-element elementor-element-373b6e2 elementor-widget elementor-widget-heading\" data-id=\"373b6e2\" data-element_type=\"widget\" data-e-type=\"widget\" data-widget_type=\"heading.default\">\n\t\t\t\t<div class=\"elementor-widget-container\">\n\t\t\t\t\t<h2 class=\"elementor-heading-title elementor-size-default\">Petek Temizli\u011finin Yap\u0131lmas\u0131 Gerekti\u011fini Belirten Durumlar<\/h2>\t\t\t\t<\/div>\n\t\t\t\t<\/div>\n\t\t\t\t<div class=\"elementor-element elementor-element-c6cfed2 elementor-widget elementor-widget-text-editor\" data-id=\"c6cfed2\" data-element_type=\"widget\" data-e-type=\"widget\" data-widget_type=\"text-editor.default\">\n\t\t\t\t<div class=\"elementor-widget-container\">\n\t\t\t\t\t\t\t\t\t<p><strong>Petek ve radyat\u00f6r temizli\u011fi gerektiren durumlar\u0131 anlamak i\u00e7in a\u015fa\u011f\u0131daki belirtilere dikkat edebilirsiniz:<\/strong><\/p>\t\t\t\t\t\t\t\t<\/div>\n\t\t\t\t<\/div>\n\t\t\t\t<div class=\"elementor-element elementor-element-6938d365 elementor-widget elementor-widget-text-editor\" data-id=\"6938d365\" data-element_type=\"widget\" data-e-type=\"widget\" data-widget_type=\"text-editor.default\">\n\t\t\t\t<div class=\"elementor-widget-container\">\n\t\t\t\t\t\t\t\t\t<ul><li><strong>Peteklerin Alt\u0131 So\u011fuk, \u00dcst\u00fc S\u0131caksa:<\/strong> Bu, peteklerin alt k\u0131sm\u0131nda tortu birikmesi oldu\u011funa i\u015farettir. Temizlik yap\u0131lmad\u0131\u011f\u0131 takdirde \u0131s\u0131nma verimi d\u00fc\u015fer.<\/li><\/ul>\t\t\t\t\t\t\t\t<\/div>\n\t\t\t\t<\/div>\n\t\t\t\t<div class=\"elementor-element elementor-element-13b86e05 elementor-widget elementor-widget-text-editor\" data-id=\"13b86e05\" data-element_type=\"widget\" data-e-type=\"widget\" data-widget_type=\"text-editor.default\">\n\t\t\t\t<div class=\"elementor-widget-container\">\n\t\t\t\t\t\t\t\t\t<ul><li><strong>Kombi S\u0131cak Olmas\u0131na Ra\u011fmen Petekler Is\u0131nm\u0131yorsa:<\/strong> Petekleriniz yeterli \u0131s\u0131tma yapm\u0131yorsa, i\u00e7inde birikmi\u015f kire\u00e7 ve \u00e7amur olabilir.<\/li><\/ul>\t\t\t\t\t\t\t\t<\/div>\n\t\t\t\t<\/div>\n\t\t\t\t<div class=\"elementor-element elementor-element-2be1e700 elementor-widget elementor-widget-text-editor\" data-id=\"2be1e700\" data-element_type=\"widget\" data-e-type=\"widget\" data-widget_type=\"text-editor.default\">\n\t\t\t\t<div class=\"elementor-widget-container\">\n\t\t\t\t\t\t\t\t\t<ul><li><strong>Faturalar Y\u00fckseliyor Ama Is\u0131nma Yetersizse:<\/strong> Enerji t\u00fcketimi artarken, odalar yeterince \u0131s\u0131nm\u0131yorsa peteklerinizin temizlenme zaman\u0131 gelmi\u015ftir.<\/li><\/ul>\t\t\t\t\t\t\t\t<\/div>\n\t\t\t\t<\/div>\n\t\t\t\t<div class=\"elementor-element elementor-element-77109c24 elementor-widget elementor-widget-text-editor\" data-id=\"77109c24\" data-element_type=\"widget\" data-e-type=\"widget\" data-widget_type=\"text-editor.default\">\n\t\t\t\t<div class=\"elementor-widget-container\">\n\t\t\t\t\t\t\t\t\t<ul><li><strong>Peteklerde Su Ka\u00e7a\u011f\u0131 Varsa:<\/strong> Radyat\u00f6rlerde paslanma ya da su s\u0131z\u0131nt\u0131lar\u0131 peteklerin t\u0131kanmas\u0131na i\u015faret edebilir. Bu durumda temizli\u011fin yan\u0131nda tamirat da gerekebilir.<\/li><\/ul>\t\t\t\t\t\t\t\t<\/div>\n\t\t\t\t<\/div>\n\t\t\t\t\t<\/div>\n\t\t<\/div>\n\t\t\t\t\t<\/div>\n\t\t<\/section>\n\t\t\t\t<div class=\"elementor-element elementor-element-1fff3f95 elementor-align-left elementor-tablet-align-center elementor-widget elementor-widget-button\" data-id=\"1fff3f95\" data-element_type=\"widget\" data-e-type=\"widget\" data-widget_type=\"button.default\">\n\t\t\t\t<div class=\"elementor-widget-container\">\n\t\t\t\t\t\t\t\t\t<div class=\"elementor-button-wrapper\">\n\t\t\t\t\t<a class=\"elementor-button elementor-button-link elementor-size-sm\" href=\"tel:02822632296\">\n\t\t\t\t\t\t<span class=\"elementor-button-content-wrapper\">\n\t\t\t\t\t\t\t\t\t<span class=\"elementor-button-text\">TEKL\u0130F ALIN<\/span>\n\t\t\t\t\t<\/span>\n\t\t\t\t\t<\/a>\n\t\t\t\t<\/div>\n\t\t\t\t\t\t\t\t<\/div>\n\t\t\t\t<\/div>\n\t\t\t\t\t<\/div>\n\t\t<\/div>\n\t\t\t\t\t<\/div>\n\t\t<\/section>\n\t\t\t\t<\/div>\n\t\t","protected":false},"excerpt":{"rendered":"<p>Tekirda\u011f Vaillant Petek ve Radyat\u00f6r Temizli\u011fi &#8211; Y\u00fcksek Verim ve D\u00fc\u015f\u00fck Enerji T\u00fcketimi Petek ve radyat\u00f6rler, kombi sistemlerinin \u00f6nemli bir par\u00e7as\u0131d\u0131r. Ancak zamanla i\u00e7inde biriken [&hellip;]<\/p>\n","protected":false},"author":1,"featured_media":0,"parent":0,"menu_order":0,"comment_status":"closed","ping_status":"closed","template":"page-templates\/page_front-page.php","meta":{"footnotes":""},"class_list":["post-773","page","type-page","status-publish","hentry"],"yoast_head":"<!-- This site is optimized with the Yoast SEO plugin v27.5 - https:\/\/yoast.com\/product\/yoast-seo-wordpress\/ -->\n<title>Tekirda\u011f Vaillant Petek ve Radyat\u00f6r Temizli\u011fi Servisi 02822632296<\/title>\n<meta name=\"description\" content=\"Tekirda\u011f Vaillant Petek ve Radyat\u00f6r Temizli\u011fi Servisi 0282 263 22 96 k\u0131\u015f boyunca s\u0131cak, verimli ve konforlu bir ya\u015fam alan\u0131 sa\u011flay\u0131n!\" \/>\n<meta name=\"robots\" content=\"index, follow, max-snippet:-1, max-image-preview:large, max-video-preview:-1\" \/>\n<link rel=\"canonical\" href=\"https:\/\/tekirdagvaillantkombiservisi.com.tr\/index.php\/tekirdag-vaillant-petek-ve-radyator-temizligi-servisi-0282-263-22-96\/\" \/>\n<meta property=\"og:locale\" content=\"tr_TR\" \/>\n<meta property=\"og:type\" content=\"article\" \/>\n<meta property=\"og:title\" content=\"Tekirda\u011f Vaillant Petek ve Radyat\u00f6r Temizli\u011fi Servisi 02822632296\" \/>\n<meta property=\"og:description\" content=\"Tekirda\u011f Vaillant Petek ve Radyat\u00f6r Temizli\u011fi Servisi 0282 263 22 96 k\u0131\u015f boyunca s\u0131cak, verimli ve konforlu bir ya\u015fam alan\u0131 sa\u011flay\u0131n!\" \/>\n<meta property=\"og:url\" content=\"https:\/\/tekirdagvaillantkombiservisi.com.tr\/index.php\/tekirdag-vaillant-petek-ve-radyator-temizligi-servisi-0282-263-22-96\/\" \/>\n<meta property=\"og:site_name\" content=\"Tekirda\u011f Vaillant Kombi Servisi 0282 263 22 96\" \/>\n<meta property=\"article:modified_time\" content=\"2024-09-24T11:31:57+00:00\" \/>\n<meta property=\"og:image\" content=\"https:\/\/tekirdagvaillantkombiservisi.com.tr\/wp-content\/uploads\/2024\/09\/vaillant_servisi.jpg\" \/>\n<meta name=\"twitter:card\" content=\"summary_large_image\" \/>\n<meta name=\"twitter:label1\" content=\"Tahmini okuma s\u00fcresi\" \/>\n\t<meta name=\"twitter:data1\" content=\"4 dakika\" \/>\n<script type=\"application\/ld+json\" class=\"yoast-schema-graph\">{\"@context\":\"https:\\\/\\\/schema.org\",\"@graph\":[{\"@type\":\"WebPage\",\"@id\":\"https:\\\/\\\/tekirdagvaillantkombiservisi.com.tr\\\/index.php\\\/tekirdag-vaillant-petek-ve-radyator-temizligi-servisi-0282-263-22-96\\\/\",\"url\":\"https:\\\/\\\/tekirdagvaillantkombiservisi.com.tr\\\/index.php\\\/tekirdag-vaillant-petek-ve-radyator-temizligi-servisi-0282-263-22-96\\\/\",\"name\":\"Tekirda\u011f Vaillant Petek ve Radyat\u00f6r Temizli\u011fi Servisi 02822632296\",\"isPartOf\":{\"@id\":\"https:\\\/\\\/tekirdagvaillantkombiservisi.com.tr\\\/#website\"},\"primaryImageOfPage\":{\"@id\":\"https:\\\/\\\/tekirdagvaillantkombiservisi.com.tr\\\/index.php\\\/tekirdag-vaillant-petek-ve-radyator-temizligi-servisi-0282-263-22-96\\\/#primaryimage\"},\"image\":{\"@id\":\"https:\\\/\\\/tekirdagvaillantkombiservisi.com.tr\\\/index.php\\\/tekirdag-vaillant-petek-ve-radyator-temizligi-servisi-0282-263-22-96\\\/#primaryimage\"},\"thumbnailUrl\":\"https:\\\/\\\/tekirdagvaillantkombiservisi.com.tr\\\/wp-content\\\/uploads\\\/2024\\\/09\\\/vaillant_servisi.jpg\",\"datePublished\":\"2024-09-23T09:08:19+00:00\",\"dateModified\":\"2024-09-24T11:31:57+00:00\",\"description\":\"Tekirda\u011f Vaillant Petek ve Radyat\u00f6r Temizli\u011fi Servisi 0282 263 22 96 k\u0131\u015f boyunca s\u0131cak, verimli ve konforlu bir ya\u015fam alan\u0131 sa\u011flay\u0131n!\",\"breadcrumb\":{\"@id\":\"https:\\\/\\\/tekirdagvaillantkombiservisi.com.tr\\\/index.php\\\/tekirdag-vaillant-petek-ve-radyator-temizligi-servisi-0282-263-22-96\\\/#breadcrumb\"},\"inLanguage\":\"tr\",\"potentialAction\":[{\"@type\":\"ReadAction\",\"target\":[\"https:\\\/\\\/tekirdagvaillantkombiservisi.com.tr\\\/index.php\\\/tekirdag-vaillant-petek-ve-radyator-temizligi-servisi-0282-263-22-96\\\/\"]}]},{\"@type\":\"ImageObject\",\"inLanguage\":\"tr\",\"@id\":\"https:\\\/\\\/tekirdagvaillantkombiservisi.com.tr\\\/index.php\\\/tekirdag-vaillant-petek-ve-radyator-temizligi-servisi-0282-263-22-96\\\/#primaryimage\",\"url\":\"https:\\\/\\\/tekirdagvaillantkombiservisi.com.tr\\\/wp-content\\\/uploads\\\/2024\\\/09\\\/vaillant_servisi.jpg\",\"contentUrl\":\"https:\\\/\\\/tekirdagvaillantkombiservisi.com.tr\\\/wp-content\\\/uploads\\\/2024\\\/09\\\/vaillant_servisi.jpg\",\"width\":1500,\"height\":563,\"caption\":\"vaillant_servisi Tekirda\u011f Vaillant Petek ve Radyat\u00f6r Temizli\u011fi Servisi 0282 263 22 96 S\u00fcleymanpa\u015fa, Alt\u0131nova, H\u00fcrriyet Mahallesi, Kumba\u011f, De\u011firmenalt\u0131, Muratl\u0131, Yenice, Yeni\u00e7iftlik, Marmaraere\u011flisi, Ergene, \u00c7orlu, K\u00f6seilyas\"},{\"@type\":\"BreadcrumbList\",\"@id\":\"https:\\\/\\\/tekirdagvaillantkombiservisi.com.tr\\\/index.php\\\/tekirdag-vaillant-petek-ve-radyator-temizligi-servisi-0282-263-22-96\\\/#breadcrumb\",\"itemListElement\":[{\"@type\":\"ListItem\",\"position\":1,\"name\":\"Anasayfa\",\"item\":\"https:\\\/\\\/tekirdagvaillantkombiservisi.com.tr\\\/\"},{\"@type\":\"ListItem\",\"position\":2,\"name\":\"Tekirda\u011f Vaillant Petek ve Radyat\u00f6r Temizli\u011fi Servisi 0282 263 22 96\"}]},{\"@type\":\"WebSite\",\"@id\":\"https:\\\/\\\/tekirdagvaillantkombiservisi.com.tr\\\/#website\",\"url\":\"https:\\\/\\\/tekirdagvaillantkombiservisi.com.tr\\\/\",\"name\":\"Tekirda\u011f Vaillant Kombi Servisi 0282 263 22 96\",\"description\":\"Tekirda\u011f Vaillant Kombi Servisi 0282 263 22 96\",\"potentialAction\":[{\"@type\":\"SearchAction\",\"target\":{\"@type\":\"EntryPoint\",\"urlTemplate\":\"https:\\\/\\\/tekirdagvaillantkombiservisi.com.tr\\\/?s={search_term_string}\"},\"query-input\":{\"@type\":\"PropertyValueSpecification\",\"valueRequired\":true,\"valueName\":\"search_term_string\"}}],\"inLanguage\":\"tr\"}]}<\/script>\n<!-- \/ Yoast SEO plugin. -->","yoast_head_json":{"title":"Tekirda\u011f Vaillant Petek ve Radyat\u00f6r Temizli\u011fi Servisi 02822632296","description":"Tekirda\u011f Vaillant Petek ve Radyat\u00f6r Temizli\u011fi Servisi 0282 263 22 96 k\u0131\u015f boyunca s\u0131cak, verimli ve konforlu bir ya\u015fam alan\u0131 sa\u011flay\u0131n!","robots":{"index":"index","follow":"follow","max-snippet":"max-snippet:-1","max-image-preview":"max-image-preview:large","max-video-preview":"max-video-preview:-1"},"canonical":"https:\/\/tekirdagvaillantkombiservisi.com.tr\/index.php\/tekirdag-vaillant-petek-ve-radyator-temizligi-servisi-0282-263-22-96\/","og_locale":"tr_TR","og_type":"article","og_title":"Tekirda\u011f Vaillant Petek ve Radyat\u00f6r Temizli\u011fi Servisi 02822632296","og_description":"Tekirda\u011f Vaillant Petek ve Radyat\u00f6r Temizli\u011fi Servisi 0282 263 22 96 k\u0131\u015f boyunca s\u0131cak, verimli ve konforlu bir ya\u015fam alan\u0131 sa\u011flay\u0131n!","og_url":"https:\/\/tekirdagvaillantkombiservisi.com.tr\/index.php\/tekirdag-vaillant-petek-ve-radyator-temizligi-servisi-0282-263-22-96\/","og_site_name":"Tekirda\u011f Vaillant Kombi Servisi 0282 263 22 96","article_modified_time":"2024-09-24T11:31:57+00:00","og_image":[{"url":"https:\/\/tekirdagvaillantkombiservisi.com.tr\/wp-content\/uploads\/2024\/09\/vaillant_servisi.jpg","type":"","width":"","height":""}],"twitter_card":"summary_large_image","twitter_misc":{"Tahmini okuma s\u00fcresi":"4 dakika"},"schema":{"@context":"https:\/\/schema.org","@graph":[{"@type":"WebPage","@id":"https:\/\/tekirdagvaillantkombiservisi.com.tr\/index.php\/tekirdag-vaillant-petek-ve-radyator-temizligi-servisi-0282-263-22-96\/","url":"https:\/\/tekirdagvaillantkombiservisi.com.tr\/index.php\/tekirdag-vaillant-petek-ve-radyator-temizligi-servisi-0282-263-22-96\/","name":"Tekirda\u011f Vaillant Petek ve Radyat\u00f6r Temizli\u011fi Servisi 02822632296","isPartOf":{"@id":"https:\/\/tekirdagvaillantkombiservisi.com.tr\/#website"},"primaryImageOfPage":{"@id":"https:\/\/tekirdagvaillantkombiservisi.com.tr\/index.php\/tekirdag-vaillant-petek-ve-radyator-temizligi-servisi-0282-263-22-96\/#primaryimage"},"image":{"@id":"https:\/\/tekirdagvaillantkombiservisi.com.tr\/index.php\/tekirdag-vaillant-petek-ve-radyator-temizligi-servisi-0282-263-22-96\/#primaryimage"},"thumbnailUrl":"https:\/\/tekirdagvaillantkombiservisi.com.tr\/wp-content\/uploads\/2024\/09\/vaillant_servisi.jpg","datePublished":"2024-09-23T09:08:19+00:00","dateModified":"2024-09-24T11:31:57+00:00","description":"Tekirda\u011f Vaillant Petek ve Radyat\u00f6r Temizli\u011fi Servisi 0282 263 22 96 k\u0131\u015f boyunca s\u0131cak, verimli ve konforlu bir ya\u015fam alan\u0131 sa\u011flay\u0131n!","breadcrumb":{"@id":"https:\/\/tekirdagvaillantkombiservisi.com.tr\/index.php\/tekirdag-vaillant-petek-ve-radyator-temizligi-servisi-0282-263-22-96\/#breadcrumb"},"inLanguage":"tr","potentialAction":[{"@type":"ReadAction","target":["https:\/\/tekirdagvaillantkombiservisi.com.tr\/index.php\/tekirdag-vaillant-petek-ve-radyator-temizligi-servisi-0282-263-22-96\/"]}]},{"@type":"ImageObject","inLanguage":"tr","@id":"https:\/\/tekirdagvaillantkombiservisi.com.tr\/index.php\/tekirdag-vaillant-petek-ve-radyator-temizligi-servisi-0282-263-22-96\/#primaryimage","url":"https:\/\/tekirdagvaillantkombiservisi.com.tr\/wp-content\/uploads\/2024\/09\/vaillant_servisi.jpg","contentUrl":"https:\/\/tekirdagvaillantkombiservisi.com.tr\/wp-content\/uploads\/2024\/09\/vaillant_servisi.jpg","width":1500,"height":563,"caption":"vaillant_servisi Tekirda\u011f Vaillant Petek ve Radyat\u00f6r Temizli\u011fi Servisi 0282 263 22 96 S\u00fcleymanpa\u015fa, Alt\u0131nova, H\u00fcrriyet Mahallesi, Kumba\u011f, De\u011firmenalt\u0131, Muratl\u0131, Yenice, Yeni\u00e7iftlik, Marmaraere\u011flisi, Ergene, \u00c7orlu, K\u00f6seilyas"},{"@type":"BreadcrumbList","@id":"https:\/\/tekirdagvaillantkombiservisi.com.tr\/index.php\/tekirdag-vaillant-petek-ve-radyator-temizligi-servisi-0282-263-22-96\/#breadcrumb","itemListElement":[{"@type":"ListItem","position":1,"name":"Anasayfa","item":"https:\/\/tekirdagvaillantkombiservisi.com.tr\/"},{"@type":"ListItem","position":2,"name":"Tekirda\u011f Vaillant Petek ve Radyat\u00f6r Temizli\u011fi Servisi 0282 263 22 96"}]},{"@type":"WebSite","@id":"https:\/\/tekirdagvaillantkombiservisi.com.tr\/#website","url":"https:\/\/tekirdagvaillantkombiservisi.com.tr\/","name":"Tekirda\u011f Vaillant Kombi Servisi 0282 263 22 96","description":"Tekirda\u011f Vaillant Kombi Servisi 0282 263 22 96","potentialAction":[{"@type":"SearchAction","target":{"@type":"EntryPoint","urlTemplate":"https:\/\/tekirdagvaillantkombiservisi.com.tr\/?s={search_term_string}"},"query-input":{"@type":"PropertyValueSpecification","valueRequired":true,"valueName":"search_term_string"}}],"inLanguage":"tr"}]}},"_links":{"self":[{"href":"https:\/\/tekirdagvaillantkombiservisi.com.tr\/index.php\/wp-json\/wp\/v2\/pages\/773","targetHints":{"allow":["GET"]}}],"collection":[{"href":"https:\/\/tekirdagvaillantkombiservisi.com.tr\/index.php\/wp-json\/wp\/v2\/pages"}],"about":[{"href":"https:\/\/tekirdagvaillantkombiservisi.com.tr\/index.php\/wp-json\/wp\/v2\/types\/page"}],"author":[{"embeddable":true,"href":"https:\/\/tekirdagvaillantkombiservisi.com.tr\/index.php\/wp-json\/wp\/v2\/users\/1"}],"replies":[{"embeddable":true,"href":"https:\/\/tekirdagvaillantkombiservisi.com.tr\/index.php\/wp-json\/wp\/v2\/comments?post=773"}],"version-history":[{"count":15,"href":"https:\/\/tekirdagvaillantkombiservisi.com.tr\/index.php\/wp-json\/wp\/v2\/pages\/773\/revisions"}],"predecessor-version":[{"id":941,"href":"https:\/\/tekirdagvaillantkombiservisi.com.tr\/index.php\/wp-json\/wp\/v2\/pages\/773\/revisions\/941"}],"wp:attachment":[{"href":"https:\/\/tekirdagvaillantkombiservisi.com.tr\/index.php\/wp-json\/wp\/v2\/media?parent=773"}],"curies":[{"name":"wp","href":"https:\/\/api.w.org\/{rel}","templated":true}]}}